{"id":1194,"date":"2023-07-18T11:21:23","date_gmt":"2023-07-18T11:21:23","guid":{"rendered":"https:\/\/vestigecollection.sidnpre.com\/sonvell\/gastronomy\/"},"modified":"2026-04-28T09:03:46","modified_gmt":"2026-04-28T09:03:46","slug":"cuisine","status":"publish","type":"page","link":"https:\/\/vestigecollection.com\/son-ermita-binidufa\/fr\/cuisine\/","title":{"rendered":"Gastronomie"},"content":{"rendered":"","protected":false},"excerpt":{"rendered":"","protected":false},"author":13,"featured_media":3805,"parent":0,"menu_order":0,"comment_status":"closed","ping_status":"closed","template":"","meta":{"_acf_changed":false,"footnotes":""},"class_list":["post-1194","page","type-page","status-publish","has-post-thumbnail","hentry"],"acf":[],"yoast_head":"<!-- This site is optimized with the Yoast SEO plugin v27.2 - https:\/\/yoast.com\/product\/yoast-seo-wordpress\/ -->\n<title>Cuisine raffin\u00e9e \u2013 Son Ermit\u00e0 et Biniduf\u00e0 \u2013 Collection Vestige<\/title>\n<meta name=\"description\" content=\"Laissez-vous tenter par une aventure culinaire qui met \u00e0 l\u2019honneur de sublimes fruits de mer et plats v\u00e9g\u00e9tariens, avec des menus all\u00e9chants qui vous emm\u00e8nent de Minorque au Moyen-Orient, en passant par la France.\" \/>\n<meta name=\"robots\" content=\"index, follow, max-snippet:-1, max-image-preview:large, max-video-preview:-1\" \/>\n<link rel=\"canonical\" href=\"https:\/\/vestigecollection.com\/son-ermita-binidufa\/fr\/cuisine\/\" \/>\n<meta property=\"og:locale\" content=\"fr_FR\" \/>\n<meta property=\"og:type\" content=\"article\" \/>\n<meta property=\"og:title\" content=\"Cuisine raffin\u00e9e \u2013 Son Ermit\u00e0 et Biniduf\u00e0 \u2013 Collection Vestige\" \/>\n<meta property=\"og:description\" content=\"Laissez-vous tenter par une aventure culinaire qui met \u00e0 l\u2019honneur de sublimes fruits de mer et plats v\u00e9g\u00e9tariens, avec des menus all\u00e9chants qui vous emm\u00e8nent de Minorque au Moyen-Orient, en passant par la France.\" \/>\n<meta property=\"og:url\" content=\"https:\/\/vestigecollection.com\/son-ermita-binidufa\/fr\/cuisine\/\" \/>\n<meta property=\"og:site_name\" content=\"Son Ermit\u00e1 &amp; Biniduf\u00e1\" \/>\n<meta property=\"article:modified_time\" content=\"2026-04-28T09:03:46+00:00\" \/>\n<meta property=\"og:image\" content=\"https:\/\/vestigecollection.com\/son-ermita-binidufa\/wp-content\/uploads\/sites\/6\/2025\/07\/Restaurant-Brisa-SonErmitaMenorca-1024x683.jpg\" \/>\n\t<meta property=\"og:image:width\" content=\"1024\" \/>\n\t<meta property=\"og:image:height\" content=\"683\" \/>\n\t<meta property=\"og:image:type\" content=\"image\/jpeg\" \/>\n<meta name=\"twitter:card\" content=\"summary_large_image\" \/>\n<meta name=\"twitter:label1\" content=\"Dur\u00e9e de lecture estim\u00e9e\" \/>\n\t<meta name=\"twitter:data1\" content=\"1 minute\" \/>\n<script type=\"application\/ld+json\" class=\"yoast-schema-graph\">{\"@context\":\"https:\/\/schema.org\",\"@graph\":[{\"@type\":\"WebPage\",\"@id\":\"https:\/\/vestigecollection.com\/son-ermita-binidufa\/fr\/cuisine\/\",\"url\":\"https:\/\/vestigecollection.com\/son-ermita-binidufa\/fr\/cuisine\/\",\"name\":\"Cuisine raffin\u00e9e \u2013 Son Ermit\u00e0 et Biniduf\u00e0 \u2013 Collection Vestige\",\"isPartOf\":{\"@id\":\"https:\/\/vestigecollection.com\/son-ermita-binidufa\/fr\/#website\"},\"primaryImageOfPage\":{\"@id\":\"https:\/\/vestigecollection.com\/son-ermita-binidufa\/fr\/cuisine\/#primaryimage\"},\"image\":{\"@id\":\"https:\/\/vestigecollection.com\/son-ermita-binidufa\/fr\/cuisine\/#primaryimage\"},\"thumbnailUrl\":\"https:\/\/vestigecollection.com\/son-ermita-binidufa\/wp-content\/uploads\/sites\/6\/2025\/07\/Restaurant-Brisa-SonErmitaMenorca.jpg\",\"datePublished\":\"2023-07-18T11:21:23+00:00\",\"dateModified\":\"2026-04-28T09:03:46+00:00\",\"description\":\"Laissez-vous tenter par une aventure culinaire qui met \u00e0 l\u2019honneur de sublimes fruits de mer et plats v\u00e9g\u00e9tariens, avec des menus all\u00e9chants qui vous emm\u00e8nent de Minorque au Moyen-Orient, en passant par la France.\",\"breadcrumb\":{\"@id\":\"https:\/\/vestigecollection.com\/son-ermita-binidufa\/fr\/cuisine\/#breadcrumb\"},\"inLanguage\":\"fr-FR\",\"potentialAction\":[{\"@type\":\"ReadAction\",\"target\":[\"https:\/\/vestigecollection.com\/son-ermita-binidufa\/fr\/cuisine\/\"]}]},{\"@type\":\"ImageObject\",\"inLanguage\":\"fr-FR\",\"@id\":\"https:\/\/vestigecollection.com\/son-ermita-binidufa\/fr\/cuisine\/#primaryimage\",\"url\":\"https:\/\/vestigecollection.com\/son-ermita-binidufa\/wp-content\/uploads\/sites\/6\/2025\/07\/Restaurant-Brisa-SonErmitaMenorca.jpg\",\"contentUrl\":\"https:\/\/vestigecollection.com\/son-ermita-binidufa\/wp-content\/uploads\/sites\/6\/2025\/07\/Restaurant-Brisa-SonErmitaMenorca.jpg\",\"width\":2500,\"height\":1668,\"caption\":\"Restaurant Brisa SonErmitaMenorca\"},{\"@type\":\"BreadcrumbList\",\"@id\":\"https:\/\/vestigecollection.com\/son-ermita-binidufa\/fr\/cuisine\/#breadcrumb\",\"itemListElement\":[{\"@type\":\"ListItem\",\"position\":1,\"name\":\"Home\",\"item\":\"https:\/\/vestigecollection.com\/son-ermita-binidufa\/fr\/\"},{\"@type\":\"ListItem\",\"position\":2,\"name\":\"Gastronomie\"}]},{\"@type\":\"WebSite\",\"@id\":\"https:\/\/vestigecollection.com\/son-ermita-binidufa\/fr\/#website\",\"url\":\"https:\/\/vestigecollection.com\/son-ermita-binidufa\/fr\/\",\"name\":\"Son Ermit\u00e1 & Biniduf\u00e1\",\"description\":\"Vestige Collection\",\"potentialAction\":[{\"@type\":\"SearchAction\",\"target\":{\"@type\":\"EntryPoint\",\"urlTemplate\":\"https:\/\/vestigecollection.com\/son-ermita-binidufa\/fr\/?s={search_term_string}\"},\"query-input\":{\"@type\":\"PropertyValueSpecification\",\"valueRequired\":true,\"valueName\":\"search_term_string\"}}],\"inLanguage\":\"fr-FR\"}]}<\/script>\n<!-- \/ Yoast SEO plugin. -->","yoast_head_json":{"title":"Cuisine raffin\u00e9e \u2013 Son Ermit\u00e0 et Biniduf\u00e0 \u2013 Collection Vestige","description":"Laissez-vous tenter par une aventure culinaire qui met \u00e0 l\u2019honneur de sublimes fruits de mer et plats v\u00e9g\u00e9tariens, avec des menus all\u00e9chants qui vous emm\u00e8nent de Minorque au Moyen-Orient, en passant par la France.","robots":{"index":"index","follow":"follow","max-snippet":"max-snippet:-1","max-image-preview":"max-image-preview:large","max-video-preview":"max-video-preview:-1"},"canonical":"https:\/\/vestigecollection.com\/son-ermita-binidufa\/fr\/cuisine\/","og_locale":"fr_FR","og_type":"article","og_title":"Cuisine raffin\u00e9e \u2013 Son Ermit\u00e0 et Biniduf\u00e0 \u2013 Collection Vestige","og_description":"Laissez-vous tenter par une aventure culinaire qui met \u00e0 l\u2019honneur de sublimes fruits de mer et plats v\u00e9g\u00e9tariens, avec des menus all\u00e9chants qui vous emm\u00e8nent de Minorque au Moyen-Orient, en passant par la France.","og_url":"https:\/\/vestigecollection.com\/son-ermita-binidufa\/fr\/cuisine\/","og_site_name":"Son Ermit\u00e1 & Biniduf\u00e1","article_modified_time":"2026-04-28T09:03:46+00:00","og_image":[{"width":1024,"height":683,"url":"https:\/\/vestigecollection.com\/son-ermita-binidufa\/wp-content\/uploads\/sites\/6\/2025\/07\/Restaurant-Brisa-SonErmitaMenorca-1024x683.jpg","type":"image\/jpeg"}],"twitter_card":"summary_large_image","twitter_misc":{"Dur\u00e9e de lecture estim\u00e9e":"1 minute"},"schema":{"@context":"https:\/\/schema.org","@graph":[{"@type":"WebPage","@id":"https:\/\/vestigecollection.com\/son-ermita-binidufa\/fr\/cuisine\/","url":"https:\/\/vestigecollection.com\/son-ermita-binidufa\/fr\/cuisine\/","name":"Cuisine raffin\u00e9e \u2013 Son Ermit\u00e0 et Biniduf\u00e0 \u2013 Collection Vestige","isPartOf":{"@id":"https:\/\/vestigecollection.com\/son-ermita-binidufa\/fr\/#website"},"primaryImageOfPage":{"@id":"https:\/\/vestigecollection.com\/son-ermita-binidufa\/fr\/cuisine\/#primaryimage"},"image":{"@id":"https:\/\/vestigecollection.com\/son-ermita-binidufa\/fr\/cuisine\/#primaryimage"},"thumbnailUrl":"https:\/\/vestigecollection.com\/son-ermita-binidufa\/wp-content\/uploads\/sites\/6\/2025\/07\/Restaurant-Brisa-SonErmitaMenorca.jpg","datePublished":"2023-07-18T11:21:23+00:00","dateModified":"2026-04-28T09:03:46+00:00","description":"Laissez-vous tenter par une aventure culinaire qui met \u00e0 l\u2019honneur de sublimes fruits de mer et plats v\u00e9g\u00e9tariens, avec des menus all\u00e9chants qui vous emm\u00e8nent de Minorque au Moyen-Orient, en passant par la France.","breadcrumb":{"@id":"https:\/\/vestigecollection.com\/son-ermita-binidufa\/fr\/cuisine\/#breadcrumb"},"inLanguage":"fr-FR","potentialAction":[{"@type":"ReadAction","target":["https:\/\/vestigecollection.com\/son-ermita-binidufa\/fr\/cuisine\/"]}]},{"@type":"ImageObject","inLanguage":"fr-FR","@id":"https:\/\/vestigecollection.com\/son-ermita-binidufa\/fr\/cuisine\/#primaryimage","url":"https:\/\/vestigecollection.com\/son-ermita-binidufa\/wp-content\/uploads\/sites\/6\/2025\/07\/Restaurant-Brisa-SonErmitaMenorca.jpg","contentUrl":"https:\/\/vestigecollection.com\/son-ermita-binidufa\/wp-content\/uploads\/sites\/6\/2025\/07\/Restaurant-Brisa-SonErmitaMenorca.jpg","width":2500,"height":1668,"caption":"Restaurant Brisa SonErmitaMenorca"},{"@type":"BreadcrumbList","@id":"https:\/\/vestigecollection.com\/son-ermita-binidufa\/fr\/cuisine\/#breadcrumb","itemListElement":[{"@type":"ListItem","position":1,"name":"Home","item":"https:\/\/vestigecollection.com\/son-ermita-binidufa\/fr\/"},{"@type":"ListItem","position":2,"name":"Gastronomie"}]},{"@type":"WebSite","@id":"https:\/\/vestigecollection.com\/son-ermita-binidufa\/fr\/#website","url":"https:\/\/vestigecollection.com\/son-ermita-binidufa\/fr\/","name":"Son Ermit\u00e1 & Biniduf\u00e1","description":"Vestige Collection","potentialAction":[{"@type":"SearchAction","target":{"@type":"EntryPoint","urlTemplate":"https:\/\/vestigecollection.com\/son-ermita-binidufa\/fr\/?s={search_term_string}"},"query-input":{"@type":"PropertyValueSpecification","valueRequired":true,"valueName":"search_term_string"}}],"inLanguage":"fr-FR"}]}},"_links":{"self":[{"href":"https:\/\/vestigecollection.com\/son-ermita-binidufa\/fr\/wp-json\/wp\/v2\/pages\/1194","targetHints":{"allow":["GET"]}}],"collection":[{"href":"https:\/\/vestigecollection.com\/son-ermita-binidufa\/fr\/wp-json\/wp\/v2\/pages"}],"about":[{"href":"https:\/\/vestigecollection.com\/son-ermita-binidufa\/fr\/wp-json\/wp\/v2\/types\/page"}],"author":[{"embeddable":true,"href":"https:\/\/vestigecollection.com\/son-ermita-binidufa\/fr\/wp-json\/wp\/v2\/users\/13"}],"replies":[{"embeddable":true,"href":"https:\/\/vestigecollection.com\/son-ermita-binidufa\/fr\/wp-json\/wp\/v2\/comments?post=1194"}],"version-history":[{"count":9,"href":"https:\/\/vestigecollection.com\/son-ermita-binidufa\/fr\/wp-json\/wp\/v2\/pages\/1194\/revisions"}],"predecessor-version":[{"id":4152,"href":"https:\/\/vestigecollection.com\/son-ermita-binidufa\/fr\/wp-json\/wp\/v2\/pages\/1194\/revisions\/4152"}],"wp:featuredmedia":[{"embeddable":true,"href":"https:\/\/vestigecollection.com\/son-ermita-binidufa\/fr\/wp-json\/wp\/v2\/media\/3805"}],"wp:attachment":[{"href":"https:\/\/vestigecollection.com\/son-ermita-binidufa\/fr\/wp-json\/wp\/v2\/media?parent=1194"}],"curies":[{"name":"wp","href":"https:\/\/api.w.org\/{rel}","templated":true}]}}